{"id":26029,"date":"2024-02-21T19:13:50","date_gmt":"2024-02-21T18:13:50","guid":{"rendered":"https:\/\/www.dasroteteam.de\/jusos\/?post_type=tribe_events&#038;p=26029"},"modified":"2024-02-21T19:13:50","modified_gmt":"2024-02-21T18:13:50","slug":"kreisverbandskonferenz-der-jusos-minden-luebbecke","status":"publish","type":"tribe_events","link":"https:\/\/www.dasroteteam.de\/jusos\/event\/kreisverbandskonferenz-der-jusos-minden-luebbecke\/","title":{"rendered":"Kreisverbandskonferenz der Jusos Minden-L\u00c3\u00bcbbecke"},"content":{"rendered":"<p>Herzliche Einladung zu unserer Kreisverbandskonferenz am 02.03.2024!<\/p>\n<p>Die Konferenz findet ab 13 Uhr im B\u00c3\u00bcrgerhaus Porta Westfalica (Am Park 1, 32457 Porta Westfalica) statt.<\/p>\n<p>Wie jedes Jahr werden wir auf dieser Konferenz einen neuen Vorstand w\u00c3\u00a4hlen und \u00c3\u00bcber Antr\u00c3\u00a4ge beraten. Au\u00c3\u0178erdem konnten wir einige tolle G\u00c3\u00a4st*innen gewinnen, die ein Gru\u00c3\u0178wort halten werden. Unter anderem Sarah Philipp (Vorsitzende der NRW SPD), Nina Gaedike (Vorsitzende der NRW Jusos), Christian Obrok (MdL) und Ali Dogan (Landrat des Kreises Minden-L\u00c3\u00bcbbecke).<\/p>\n<p>Im Anschluss der Konferenz wollen wir in gem\u00c3\u00bctlicher Atmosph\u00c3\u00a4re bei Pizza &amp; Getr\u00c3\u00a4nken den Tag noch zusammen ausklingen lassen. Wir w\u00c3\u00bcrden uns freuen, wenn ihr nach der Konferenz noch ein bisschen bleibt.<\/p>\n<p>Wir freuen uns, wenn wir viele Jusos und Interessierte aus Minden-L\u00c3\u00bcbbecke begr\u00c3\u00bc\u00c3\u0178en d\u00c3\u00bcrfen!<\/p>\n","protected":false},"excerpt":{"rendered":"<p>Herzliche Einladung zu unserer Kreisverbandskonferenz am 02.03.2024! Die Konferenz findet ab 13 Uhr im B\u00c3\u00bcrgerhaus Porta Westfalica (Am Park 1, 32457 Porta Westfalica) statt. Wie jedes Jahr werden wir auf [&hellip;]<\/p>\n","protected":false},"author":2,"featured_media":0,"template":"","meta":{"_uag_custom_page_level_css":"","site-sidebar-layout":"default","site-content-layout":"","ast-site-content-layout":"default","site-content-style":"default","site-sidebar-style":"default","ast-global-header-display":"","ast-banner-title-visibility":"","ast-main-header-display":"","ast-hfb-above-header-display":"","ast-hfb-below-header-display":"","ast-hfb-mobile-header-display":"","site-post-title":"","ast-breadcrumbs-content":"","ast-featured-img":"","footer-sml-layout":"","ast-disable-related-posts":"","theme-transparent-header-meta":"default","adv-header-id-meta":"","stick-header-meta":"","header-above-stick-meta":"","header-main-stick-meta":"","header-below-stick-meta":"","astra-migrate-meta-layouts":"set","ast-page-background-enabled":"default","ast-page-background-meta":{"desktop":{"background-color":"var(--ast-global-color-4)","background-image":"","background-repeat":"repeat","background-position":"center center","background-size":"auto","background-attachment":"scroll","background-type":"","background-media":"","overlay-type":"","overlay-color":"","overlay-opacity":"","overlay-gradient":""},"tablet":{"background-color":"","background-image":"","background-repeat":"repeat","background-position":"center center","background-size":"auto","background-attachment":"scroll","background-type":"","background-media":"","overlay-type":"","overlay-color":"","overlay-opacity":"","overlay-gradient":""},"mobile":{"background-color":"","background-image":"","background-repeat":"repeat","background-position":"center center","background-size":"auto","background-attachment":"scroll","background-type":"","background-media":"","overlay-type":"","overlay-color":"","overlay-opacity":"","overlay-gradient":""}},"ast-content-background-meta":{"desktop":{"background-color":"var(--ast-global-color-5)","background-image":"","background-repeat":"repeat","background-position":"center center","background-size":"auto","background-attachment":"scroll","background-type":"","background-media":"","overlay-type":"","overlay-color":"","overlay-opacity":"","overlay-gradient":""},"tablet":{"background-color":"var(--ast-global-color-5)","background-image":"","background-repeat":"repeat","background-position":"center center","background-size":"auto","background-attachment":"scroll","background-type":"","background-media":"","overlay-type":"","overlay-color":"","overlay-opacity":"","overlay-gradient":""},"mobile":{"background-color":"var(--ast-global-color-5)","background-image":"","background-repeat":"repeat","background-position":"center center","background-size":"auto","background-attachment":"scroll","background-type":"","background-media":"","overlay-type":"","overlay-color":"","overlay-opacity":"","overlay-gradient":""}},"_tribe_events_status":"","_tribe_events_status_reason":"","footnotes":""},"tags":[],"tribe_events_cat":[],"class_list":["post-26029","tribe_events","type-tribe_events","status-publish","hentry"],"uagb_featured_image_src":{"full":false,"thumbnail":false,"medium":false,"medium_large":false,"large":false,"1536x1536":false,"2048x2048":false,"slide-thumbnail":false},"uagb_author_info":{"display_name":"Redaktion","author_link":"https:\/\/www.dasroteteam.de\/jusos\/author\/vogelje\/"},"uagb_comment_info":0,"uagb_excerpt":"Herzliche Einladung zu unserer Kreisverbandskonferenz am 02.03.2024! Die Konferenz findet ab 13 Uhr im B\u00c3\u00bcrgerhaus Porta Westfalica (Am Park 1, 32457 Porta Westfalica) statt. Wie jedes Jahr werden wir auf [&hellip;]","_links":{"self":[{"href":"https:\/\/www.dasroteteam.de\/jusos\/wp-json\/wp\/v2\/tribe_events\/26029","targetHints":{"allow":["GET"]}}],"collection":[{"href":"https:\/\/www.dasroteteam.de\/jusos\/wp-json\/wp\/v2\/tribe_events"}],"about":[{"href":"https:\/\/www.dasroteteam.de\/jusos\/wp-json\/wp\/v2\/types\/tribe_events"}],"author":[{"embeddable":true,"href":"https:\/\/www.dasroteteam.de\/jusos\/wp-json\/wp\/v2\/users\/2"}],"version-history":[{"count":0,"href":"https:\/\/www.dasroteteam.de\/jusos\/wp-json\/wp\/v2\/tribe_events\/26029\/revisions"}],"wp:attachment":[{"href":"https:\/\/www.dasroteteam.de\/jusos\/wp-json\/wp\/v2\/media?parent=26029"}],"wp:term":[{"taxonomy":"post_tag","embeddable":true,"href":"https:\/\/www.dasroteteam.de\/jusos\/wp-json\/wp\/v2\/tags?post=26029"},{"taxonomy":"tribe_events_cat","embeddable":true,"href":"https:\/\/www.dasroteteam.de\/jusos\/wp-json\/wp\/v2\/tribe_events_cat?post=26029"}],"curies":[{"name":"wp","href":"https:\/\/api.w.org\/{rel}","templated":true}]}}