{"id":25969,"date":"2023-06-04T11:52:46","date_gmt":"2023-06-04T09:52:46","guid":{"rendered":"https:\/\/www.dasroteteam.de\/jusos\/?post_type=tribe_events&#038;p=25969"},"modified":"2023-06-04T11:52:46","modified_gmt":"2023-06-04T09:52:46","slug":"verbandswochenende-2023-europa-ist-unsere-verantwortung","status":"publish","type":"tribe_events","link":"https:\/\/www.dasroteteam.de\/jusos\/event\/verbandswochenende-2023-europa-ist-unsere-verantwortung\/","title":{"rendered":"Verbandswochenende 2023: \u00e2\u20ac\u017eEuropa ist unsere VerANTWORTung!\u00e2\u20ac\u0153"},"content":{"rendered":"<div dir=\"auto\">\n<p>In einer Zeit, in der rechtsextreme Autokraten die EU kapern, in einer Zeit, in der wir R\u00c3\u00bcckschritte anstatt Fortschritte machen, m\u00c3\u00b6chten wir durch unsere jungsozialistische Perspektive auf die Europ\u00c3\u00a4ische Union blicken und uns thematisch auf die n\u00c3\u00a4chsten Monate vorbereiten. Denn was uns in wenigen Monaten erwartet, ist die Europawahl. Diese Wahl m\u00c3\u00bcssen wir gewinnen, damit nicht L\u00c3\u00bcgen, Halbwahrheiten und die AfD \u00c3\u00bcber 400 Millionen Menschen regieren.<\/p>\n<\/div>\n<div dir=\"auto\">\n<p>Um das zu erreichen, m\u00c3\u00bcssen wir einen Gegenentwurf und eine eigene Vision f\u00c3\u00bcr das Europa von Morgen entwickeln. Was ist Dir wichtig? Was begeistert Dich an Europa? Und warum willst Du f\u00c3\u00bcr Europa k\u00c3\u00a4mpfen? Bring Dich ein!<\/p>\n<\/div>\n<div dir=\"auto\">\n<p>Nach unserem letztj\u00c3\u00a4hrigen Verbandswochenende freuen wir uns, Euch erneut in die Jugendherberge Porta Westfalica vom 21. bis zum 23. Juli begr\u00c3\u00bc\u00c3\u0178en zu k\u00c3\u00b6nnen. Gemeinsam wollen wir mit Dir an den letzten Sommer ankn\u00c3\u00bcpfen, eine Menge Spa\u00c3\u0178 haben und mit vielen neuen Gesichtern den Sommer genie\u00c3\u0178en.<\/p>\n<\/div>\n<div dir=\"auto\">\n<p><strong>Also melde dich bis zum 7. Juli \u00c3\u00bcber den folgenden <a href=\"https:\/\/www.dasroteteam.de\/jusos\/?p=25963\">Link<\/a> an, denn Europa ist Deine VerANTWORTung!<\/strong><\/p>\n<\/div>\n","protected":false},"excerpt":{"rendered":"<p>In einer Zeit, in der rechtsextreme Autokraten die EU kapern, in einer Zeit, in der wir R\u00c3\u00bcckschritte anstatt Fortschritte machen, m\u00c3\u00b6chten wir durch unsere jungsozialistische Perspektive auf die Europ\u00c3\u00a4ische Union [&hellip;]<\/p>\n","protected":false},"author":2,"featured_media":25964,"template":"","meta":{"_uag_custom_page_level_css":"","site-sidebar-layout":"default","site-content-layout":"default","ast-site-content-layout":"default","site-content-style":"default","site-sidebar-style":"default","ast-global-header-display":"","ast-banner-title-visibility":"","ast-main-header-display":"","ast-hfb-above-header-display":"","ast-hfb-below-header-display":"","ast-hfb-mobile-header-display":"","site-post-title":"","ast-breadcrumbs-content":"","ast-featured-img":"","footer-sml-layout":"","ast-disable-related-posts":"","theme-transparent-header-meta":"default","adv-header-id-meta":"","stick-header-meta":"","header-above-stick-meta":"","header-main-stick-meta":"","header-below-stick-meta":"","astra-migrate-meta-layouts":"default","ast-page-background-enabled":"default","ast-page-background-meta":{"desktop":{"background-color":"var(--ast-global-color-4)","background-image":"","background-repeat":"repeat","background-position":"center center","background-size":"auto","background-attachment":"scroll","background-type":"","background-media":"","overlay-type":"","overlay-color":"","overlay-opacity":"","overlay-gradient":""},"tablet":{"background-color":"","background-image":"","background-repeat":"repeat","background-position":"center center","background-size":"auto","background-attachment":"scroll","background-type":"","background-media":"","overlay-type":"","overlay-color":"","overlay-opacity":"","overlay-gradient":""},"mobile":{"background-color":"","background-image":"","background-repeat":"repeat","background-position":"center center","background-size":"auto","background-attachment":"scroll","background-type":"","background-media":"","overlay-type":"","overlay-color":"","overlay-opacity":"","overlay-gradient":""}},"ast-content-background-meta":{"desktop":{"background-color":"var(--ast-global-color-5)","background-image":"","background-repeat":"repeat","background-position":"center center","background-size":"auto","background-attachment":"scroll","background-type":"","background-media":"","overlay-type":"","overlay-color":"","overlay-opacity":"","overlay-gradient":""},"tablet":{"background-color":"var(--ast-global-color-5)","background-image":"","background-repeat":"repeat","background-position":"center center","background-size":"auto","background-attachment":"scroll","background-type":"","background-media":"","overlay-type":"","overlay-color":"","overlay-opacity":"","overlay-gradient":""},"mobile":{"background-color":"var(--ast-global-color-5)","background-image":"","background-repeat":"repeat","background-position":"center center","background-size":"auto","background-attachment":"scroll","background-type":"","background-media":"","overlay-type":"","overlay-color":"","overlay-opacity":"","overlay-gradient":""}},"_tribe_events_status":"","_tribe_events_status_reason":"","footnotes":""},"tags":[],"tribe_events_cat":[],"class_list":["post-25969","tribe_events","type-tribe_events","status-publish","has-post-thumbnail","hentry"],"uagb_featured_image_src":{"full":["https:\/\/www.dasroteteam.de\/jusos\/wp-content\/uploads\/2023\/06\/IMG-20230603-WA0018.jpg",1080,1080,false],"thumbnail":["https:\/\/www.dasroteteam.de\/jusos\/wp-content\/uploads\/2023\/06\/IMG-20230603-WA0018-80x80.jpg",80,80,true],"medium":["https:\/\/www.dasroteteam.de\/jusos\/wp-content\/uploads\/2023\/06\/IMG-20230603-WA0018-300x300.jpg",300,300,true],"medium_large":["https:\/\/www.dasroteteam.de\/jusos\/wp-content\/uploads\/2023\/06\/IMG-20230603-WA0018-768x768.jpg",768,768,true],"large":["https:\/\/www.dasroteteam.de\/jusos\/wp-content\/uploads\/2023\/06\/IMG-20230603-WA0018-1030x1030.jpg",1030,1030,true],"1536x1536":["https:\/\/www.dasroteteam.de\/jusos\/wp-content\/uploads\/2023\/06\/IMG-20230603-WA0018.jpg",1080,1080,false],"2048x2048":["https:\/\/www.dasroteteam.de\/jusos\/wp-content\/uploads\/2023\/06\/IMG-20230603-WA0018.jpg",1080,1080,false],"slide-thumbnail":["https:\/\/www.dasroteteam.de\/jusos\/wp-content\/uploads\/2023\/06\/IMG-20230603-WA0018.jpg",1080,1080,false]},"uagb_author_info":{"display_name":"Redaktion","author_link":"https:\/\/www.dasroteteam.de\/jusos\/author\/vogelje\/"},"uagb_comment_info":0,"uagb_excerpt":"In einer Zeit, in der rechtsextreme Autokraten die EU kapern, in einer Zeit, in der wir R\u00c3\u00bcckschritte anstatt Fortschritte machen, m\u00c3\u00b6chten wir durch unsere jungsozialistische Perspektive auf die Europ\u00c3\u00a4ische Union [&hellip;]","_links":{"self":[{"href":"https:\/\/www.dasroteteam.de\/jusos\/wp-json\/wp\/v2\/tribe_events\/25969","targetHints":{"allow":["GET"]}}],"collection":[{"href":"https:\/\/www.dasroteteam.de\/jusos\/wp-json\/wp\/v2\/tribe_events"}],"about":[{"href":"https:\/\/www.dasroteteam.de\/jusos\/wp-json\/wp\/v2\/types\/tribe_events"}],"author":[{"embeddable":true,"href":"https:\/\/www.dasroteteam.de\/jusos\/wp-json\/wp\/v2\/users\/2"}],"version-history":[{"count":0,"href":"https:\/\/www.dasroteteam.de\/jusos\/wp-json\/wp\/v2\/tribe_events\/25969\/revisions"}],"wp:featuredmedia":[{"embeddable":true,"href":"https:\/\/www.dasroteteam.de\/jusos\/wp-json\/wp\/v2\/media\/25964"}],"wp:attachment":[{"href":"https:\/\/www.dasroteteam.de\/jusos\/wp-json\/wp\/v2\/media?parent=25969"}],"wp:term":[{"taxonomy":"post_tag","embeddable":true,"href":"https:\/\/www.dasroteteam.de\/jusos\/wp-json\/wp\/v2\/tags?post=25969"},{"taxonomy":"tribe_events_cat","embeddable":true,"href":"https:\/\/www.dasroteteam.de\/jusos\/wp-json\/wp\/v2\/tribe_events_cat?post=25969"}],"curies":[{"name":"wp","href":"https:\/\/api.w.org\/{rel}","templated":true}]}}